{"version":"1.0","provider_name":"Athl\u00e9tisme","provider_url":"https:\/\/carabins.umontreal.ca\/athletisme","title":"Les Carabins brillent \u00e0 Qu\u00e9bec - Athl\u00e9tisme","type":"rich","width":600,"height":338,"html":"<blockquote class=\"wp-embedded-content\" data-secret=\"xWXL4kt3Mn\"><a href=\"https:\/\/carabins.umontreal.ca\/athletisme\/les-carabins-brillent-a-quebec\/\">Les Carabins brillent \u00e0 Qu\u00e9bec<\/a><\/blockquote><iframe sandbox=\"allow-scripts\" security=\"restricted\" src=\"https:\/\/carabins.umontreal.ca\/athletisme\/les-carabins-brillent-a-quebec\/embed\/#?secret=xWXL4kt3Mn\" width=\"600\" height=\"338\" title=\"\u00ab\u00a0Les Carabins brillent \u00e0 Qu\u00e9bec\u00a0\u00bb &#8212; Athl\u00e9tisme\" data-secret=\"xWXL4kt3Mn\" frameborder=\"0\" marginwidth=\"0\" marginheight=\"0\" scrolling=\"no\" class=\"wp-embedded-content\"><\/iframe><script>\n\/*! This file is auto-generated *\/\n!function(d,l){\"use strict\";l.querySelector&&d.addEventListener&&\"undefined\"!=typeof URL&&(d.wp=d.wp||{},d.wp.receiveEmbedMessage||(d.wp.receiveEmbedMessage=function(e){var t=e.data;if((t||t.secret||t.message||t.value)&&!\/[^a-zA-Z0-9]\/.test(t.secret)){for(var s,r,n,a=l.querySelectorAll('iframe[data-secret=\"'+t.secret+'\"]'),o=l.querySelectorAll('blockquote[data-secret=\"'+t.secret+'\"]'),c=new RegExp(\"^https?:$\",\"i\"),i=0;i<o.length;i++)o[i].style.display=\"none\";for(i=0;i<a.length;i++)s=a[i],e.source===s.contentWindow&&(s.removeAttribute(\"style\"),\"height\"===t.message?(1e3<(r=parseInt(t.value,10))?r=1e3:~~r<200&&(r=200),s.height=r):\"link\"===t.message&&(r=new URL(s.getAttribute(\"src\")),n=new URL(t.value),c.test(n.protocol))&&n.host===r.host&&l.activeElement===s&&(d.top.location.href=t.value))}},d.addEventListener(\"message\",d.wp.receiveEmbedMessage,!1),l.addEventListener(\"DOMContentLoaded\",function(){for(var e,t,s=l.querySelectorAll(\"iframe.wp-embedded-content\"),r=0;r<s.length;r++)(t=(e=s[r]).getAttribute(\"data-secret\"))||(t=Math.random().toString(36).substring(2,12),e.src+=\"#?secret=\"+t,e.setAttribute(\"data-secret\",t)),e.contentWindow.postMessage({message:\"ready\",secret:t},\"*\")},!1)))}(window,document);\n\/\/# sourceURL=https:\/\/carabins.umontreal.ca\/athletisme\/wp-includes\/js\/wp-embed.min.js\n<\/script>\n","description":"L\u2019\u00e9quipe d\u2019athl\u00e9tisme des Carabins a quitt\u00e9 la ville de Qu\u00e9bec le sourire aux l\u00e8vres, galvanis\u00e9e par une deuxi\u00e8me place au classement final des hommes, et une pr\u00e9sence sur la troisi\u00e8me marche du podium chez les femmes. Au terme du championnat provincial du R\u00e9seau du sport \u00e9tudiant du Qu\u00e9bec (RSEQ) qui avait lieu vendredi et samedi &hellip; Continued","thumbnail_url":"https:\/\/carabins.umontreal.ca\/athletisme\/wp-content\/uploads\/sites\/13\/2020\/02\/FB_ATH_1.jpg","thumbnail_width":1230,"thumbnail_height":600}